{"id":114675,"date":"2020-09-26T08:23:14","date_gmt":"2020-09-26T07:23:14","guid":{"rendered":"https:\/\/rozlebregar.com\/films\/mountaineering-shows-slovenian-national-tv\/"},"modified":"2023-11-18T13:05:17","modified_gmt":"2023-11-18T12:05:17","slug":"gorniske-tv-oddaje-gora-ni-vecna-literarno-vertikalno-v-treh-stenah","status":"publish","type":"portfolio","link":"https:\/\/rozlebregar.com\/sl\/films\/gorniske-tv-oddaje-gora-ni-vecna-literarno-vertikalno-v-treh-stenah\/","title":{"rendered":"Gorni\u0161ke TV oddaje (RTV Slo)"},"content":{"rendered":"<h2>Gora ni ve\u010dna<\/h2>\n<p>Serija v treh delih &#8220;Gora ni ve\u010dna&#8221; preu\u010duje vpliv podnebnih sprememb in naravnih procesov na gorski svet ter vklju\u010duje alpiniste in raziskovalce Ireno Mrak, Miho Pav\u0161ka in Jako Ortara, ki predstavljajo svoje ugotovitve in raziskave. Vsaka epizoda je povezana z mitom ali pravljico, ki ponazarja povezanost med naravo in \u010dlovekom ter oblikuje pripoved o spreminjajo\u010dih se gorah.<\/p>\n<p><a href=\"https:\/\/365.rtvslo.si\/arhiv\/dokumentarni-filmi-in-oddaje-izobrazevalni-program\/174876944\" target=\"_blank\" rel=\"noopener\"><strong>Gora ni ve\u010dna: Podrta gora<\/strong><\/a>, 2023, EP1<br \/>\n<strong><a href=\"https:\/\/365.rtvslo.si\/arhiv\/gora-ni-vecna\/174948152\" target=\"_blank\" rel=\"noopener\">Gora ni ve\u010dna: Zmaj<\/a><\/strong>, 2023, EP2<br \/>\n<strong><a href=\"https:\/\/365.rtvslo.si\/arhiv\/gora-ni-vecna\/174949745\" target=\"_blank\" rel=\"noopener\">Gora ni ve\u010dna: Zlatorog<\/a><\/strong>, 2023, EP3<\/p>\n<p>&nbsp;<\/p>\n<h2>Literarno vertikalno<\/h2>\n<p>Alpinisti\u010dna trilogija za vse ljubitelje gora. Serija v treh delih gledalce popelje preko Dolgega hrbta, pod Pihavec in v Severno triglavsko steno. Vzpone spremlja alpinisti\u010dna literatura.<\/p>\n<p><strong><a href=\"https:\/\/365.rtvslo.si\/arhiv\/dokumentarni-filmi-in-oddaje-izobrazevalni-program\/174876944\" target=\"_blank\" rel=\"noopener\">Literarno-vertikalno: Iskanje in uporni\u0161tvo<\/a><\/strong>, 2022, EP1<br \/>\n<strong><a href=\"https:\/\/365.rtvslo.si\/arhiv\/dokumentarni-filmi-in-oddaje-izobrazevalni-program\/174878772\" target=\"_blank\" rel=\"noopener\">Literarno-vertikalno: Gorska romantika<\/a><\/strong>, 2022, EP2<br \/>\n<strong><a href=\"https:\/\/365.rtvslo.si\/arhiv\/dokumentarni-filmi-in-oddaje-izobrazevalni-program\/174880422\" target=\"_blank\" rel=\"noopener\">Literarno-vertikalno: Hrepenenje<\/a><\/strong>, 2022, EP3<\/p>\n<p>&nbsp;<\/p>\n<h2>V treh stenah<\/h2>\n<p>Dokumentarna serija &#8220;V treh stenah&#8221; je trilogija o antologijskih stenah na\u0161ih gora, pri \u010demer ima vsaka stena svoj specifi\u010den karakter in zgodbo.<\/p>\n<p><strong><a href=\"https:\/\/365.rtvslo.si\/arhiv\/dokumentarni-filmi-in-oddaje-izobrazevalni-program\/174771536\" target=\"_blank\" rel=\"noopener\">V treh stenah: Steber<\/a><\/strong>, 2021, EP1<br \/>\n<strong><a href=\"https:\/\/365.rtvslo.si\/arhiv\/dokumentarni-filmi-in-oddaje-izobrazevalni-program\/174773090\" target=\"_blank\" rel=\"noopener\">V treh stenah: Diagnoza<\/a><\/strong>, 2021, EP2<br \/>\n<strong><a href=\"https:\/\/365.rtvslo.si\/arhiv\/dokumentarni-filmi-in-oddaje-izobrazevalni-program\/174774842\" target=\"_blank\" rel=\"noopener\">V treh stenah: Poro\u010dni prstan<\/a><\/strong>, 2021, EP3<\/p>\n","protected":false},"excerpt":{"rendered":"<p>Mini TV serija<\/p>\n","protected":false},"author":1,"featured_media":113406,"parent":0,"menu_order":0,"comment_status":"open","ping_status":"open","template":"","meta":{"footnotes":""},"portfolio_category":[166],"class_list":["post-114675","portfolio","type-portfolio","status-publish","has-post-thumbnail","hentry","portfolio_category-dokumentarni"],"_links":{"self":[{"href":"https:\/\/rozlebregar.com\/sl\/wp-json\/wp\/v2\/portfolio\/114675","targetHints":{"allow":["GET"]}}],"collection":[{"href":"https:\/\/rozlebregar.com\/sl\/wp-json\/wp\/v2\/portfolio"}],"about":[{"href":"https:\/\/rozlebregar.com\/sl\/wp-json\/wp\/v2\/types\/portfolio"}],"author":[{"embeddable":true,"href":"https:\/\/rozlebregar.com\/sl\/wp-json\/wp\/v2\/users\/1"}],"replies":[{"embeddable":true,"href":"https:\/\/rozlebregar.com\/sl\/wp-json\/wp\/v2\/comments?post=114675"}],"version-history":[{"count":0,"href":"https:\/\/rozlebregar.com\/sl\/wp-json\/wp\/v2\/portfolio\/114675\/revisions"}],"wp:featuredmedia":[{"embeddable":true,"href":"https:\/\/rozlebregar.com\/sl\/wp-json\/wp\/v2\/media\/113406"}],"wp:attachment":[{"href":"https:\/\/rozlebregar.com\/sl\/wp-json\/wp\/v2\/media?parent=114675"}],"wp:term":[{"taxonomy":"portfolio_category","embeddable":true,"href":"https:\/\/rozlebregar.com\/sl\/wp-json\/wp\/v2\/portfolio_category?post=114675"}],"curies":[{"name":"wp","href":"https:\/\/api.w.org\/{rel}","templated":true}]}}