{"id":114795,"date":"2023-06-05T14:51:26","date_gmt":"2023-06-05T13:51:26","guid":{"rendered":"https:\/\/rozlebregar.com\/predavanje-islandija-moj-drugi-dom\/"},"modified":"2025-09-24T07:28:52","modified_gmt":"2025-09-24T06:28:52","slug":"predavanje-islandija-moj-drugi-dom","status":"publish","type":"page","link":"https:\/\/rozlebregar.com\/sl\/predavanje-islandija-moj-drugi-dom\/","title":{"rendered":"Predavanje &#8220;Islandija: Moj drugi dom&#8221;"},"content":{"rendered":"<div class=\"wpb-content-wrapper\"><p>[vc_row row_height_percent=&#8221;50&#8243; override_padding=&#8221;yes&#8221; h_padding=&#8221;2&#8243; top_padding=&#8221;5&#8243; bottom_padding=&#8221;5&#8243; back_color=&#8221;accent&#8221; back_image=&#8221;114263&#8243; overlay_alpha=&#8221;80&#8243; equal_height=&#8221;yes&#8221; gutter_size=&#8221;3&#8243; column_width_percent=&#8221;100&#8243; shift_y=&#8221;0&#8243; z_index=&#8221;0&#8243; top_divider=&#8221;gradient&#8221; bottom_divider=&#8221;gradient&#8221; uncode_shortcode_id=&#8221;709479&#8243; back_color_type=&#8221;uncode-palette&#8221;][vc_column column_width_percent=&#8221;100&#8243; position_vertical=&#8221;middle&#8221; gutter_size=&#8221;3&#8243; style=&#8221;dark&#8221; overlay_alpha=&#8221;50&#8243; shift_x=&#8221;0&#8243; shift_y=&#8221;0&#8243; shift_y_down=&#8221;0&#8243; z_index=&#8221;0&#8243; medium_width=&#8221;0&#8243; mobile_width=&#8221;0&#8243; width=&#8221;1\/1&#8243; uncode_shortcode_id=&#8221;413099&#8243;][vc_single_image media=&#8221;114272&#8243; media_lightbox=&#8221;yes&#8221; media_poster=&#8221;yes&#8221; media_width_percent=&#8221;10&#8243; alignment=&#8221;center&#8221; css_animation=&#8221;zoom-in&#8221; animation_speed=&#8221;200&#8243; animation_delay=&#8221;200&#8243; lbox_skin=&#8221;white&#8221; lbox_transparency=&#8221;opaque&#8221; uncode_shortcode_id=&#8221;136540&#8243;][\/vc_column][\/vc_row][vc_row row_height_percent=&#8221;0&#8243; override_padding=&#8221;yes&#8221; h_padding=&#8221;2&#8243; top_padding=&#8221;3&#8243; bottom_padding=&#8221;3&#8243; overlay_alpha=&#8221;100&#8243; gutter_size=&#8221;3&#8243; column_width_percent=&#8221;100&#8243; shift_y=&#8221;0&#8243; z_index=&#8221;0&#8243; row_height_use_pixel=&#8221;&#8221; uncode_shortcode_id=&#8221;714584&#8243;][vc_column column_width_use_pixel=&#8221;yes&#8221; gutter_size=&#8221;3&#8243; overlay_alpha=&#8221;50&#8243; shift_x=&#8221;0&#8243; shift_y=&#8221;0&#8243; medium_width=&#8221;0&#8243; zoom_width=&#8221;0&#8243; zoom_height=&#8221;0&#8243; column_width_pixel=&#8221;800&#8243;][vc_row_inner row_inner_height_percent=&#8221;0&#8243; force_width_grid=&#8221;yes&#8221; overlay_alpha=&#8221;50&#8243; gutter_size=&#8221;3&#8243; shift_y=&#8221;0&#8243; z_index=&#8221;0&#8243; row_height_use_pixel=&#8221;&#8221; limit_content=&#8221;&#8221; uncode_shortcode_id=&#8221;141426&#8243;][vc_column_inner column_width_percent=&#8221;100&#8243; position_horizontal=&#8221;left&#8221; align_horizontal=&#8221;align_center&#8221; gutter_size=&#8221;3&#8243; overlay_alpha=&#8221;50&#8243; shift_x=&#8221;0&#8243; shift_y=&#8221;0&#8243; medium_width=&#8221;0&#8243; zoom_width=&#8221;0&#8243; zoom_height=&#8221;0&#8243; width=&#8221;1\/1&#8243;][vc_custom_heading heading_semantic=&#8221;h3&#8243; text_size=&#8221;bigtext&#8221; text_uppercase=&#8221;&#8221; uncode_shortcode_id=&#8221;127059&#8243;]ISLANDIJA<br \/>\nMOJ DRUGI DOM[\/vc_custom_heading][\/vc_column_inner][\/vc_row_inner][vc_column_text uncode_shortcode_id=&#8221;211927&#8243;]<\/p>\n<div id=\"G8gxf\" class=\"hc-cmp-wp-editor wp-editor \">\n<h3>PREDAVANJE<\/h3>\n<\/div>\n<div id=\"G8gxf\" class=\"hc-cmp-wp-editor wp-editor \" style=\"text-align: justify;\">\n<p>Ro\u017ele Bregar je doma v naravi. Njegova ljubezen do fotografije in pustolovskih \u0161portov sta ga spremenila v nagrajenega snemalca in filmskega re\u017eiserja. Ro\u017ele je znan po tem, da snema v ekstremnih razmerah \u2013 od visenja na vrvi do preno\u010devanja v \u0161otoru v najte\u017ejih razmerah \u2013 posve\u010da se iskanju izmuzljivih trenutkov, oddaljenih pokrajin in \u010dustev ekstremnih \u0161portov na prostem. Njegovo ob\u010dudovanje sveta in potopljenost v \u017eivljenjski slog sta ga pripeljala do Islandije. Vsako leto v dru\u017ebi prijateljev odkriva njene najbolj odro\u010dne koti\u010dke, tiste, kamor turisti ne zaidejo. Na Islandiji ustvarja dokumentarne, komercialne filmske in fotografske projekte. Vsak projekt pa je odprava zase.<\/p>\n<\/div>\n<p>[\/vc_column_text][vc_row_inner limit_content=&#8221;&#8221;][vc_column_inner column_width_percent=&#8221;100&#8243; gutter_size=&#8221;0&#8243; override_padding=&#8221;yes&#8221; column_padding=&#8221;0&#8243; overlay_alpha=&#8221;50&#8243; shift_x=&#8221;0&#8243; shift_y=&#8221;0&#8243; shift_y_down=&#8221;0&#8243; z_index=&#8221;0&#8243; medium_width=&#8221;0&#8243; mobile_width=&#8221;0&#8243; width=&#8221;1\/1&#8243; uncode_shortcode_id=&#8221;564265&#8243;][vc_button button_color=&#8221;accent&#8221; size=&#8221;btn-lg&#8221; border_width=&#8221;0&#8243; link=&#8221;url:https%3A%2F%2Frozlebregar.com%2Fsl%2Fprinti%2Fislandija-moj-drugi-dom-video-predavanje%2F|title:Islandija%20predavanje%20%E2%80%93%20VOD|&#8221; button_color_type=&#8221;uncode-palette&#8221; uncode_shortcode_id=&#8221;176234&#8243;]Si \u017eeli\u0161 preko spleta ogledati celotno predavanje?[\/vc_button][vc_column_text text_lead=&#8221;small&#8221; uncode_shortcode_id=&#8221;297420&#8243;]<\/p>\n<div id=\"G8gxf\" class=\"hc-cmp-wp-editor wp-editor \">\u010ce \u017ee imate dostop, kliknite <a class=\"cursor-init\" href=\"https:\/\/rozlebregar.com\/sl\/islandija-cd\/\">tukaj<\/a>.<\/div>\n<p>[\/vc_column_text][\/vc_column_inner][\/vc_row_inner][\/vc_column][\/vc_row][vc_row row_height_percent=&#8221;0&#8243; override_padding=&#8221;yes&#8221; h_padding=&#8221;2&#8243; top_padding=&#8221;0&#8243; bottom_padding=&#8221;0&#8243; overlay_alpha=&#8221;100&#8243; gutter_size=&#8221;3&#8243; column_width_percent=&#8221;100&#8243; shift_y=&#8221;0&#8243; z_index=&#8221;0&#8243; row_height_use_pixel=&#8221;&#8221;][vc_column column_width_use_pixel=&#8221;yes&#8221; gutter_size=&#8221;3&#8243; overlay_alpha=&#8221;50&#8243; shift_x=&#8221;0&#8243; shift_y=&#8221;0&#8243; medium_width=&#8221;0&#8243; zoom_width=&#8221;0&#8243; zoom_height=&#8221;0&#8243; width=&#8221;5\/6&#8243;][vc_gallery el_id=&#8221;gallery-146725&#8243; type=&#8221;carousel&#8221; medias=&#8221;113975,115004,115006,115002&#8243; carousel_lg=&#8221;1&#8243; carousel_md=&#8221;1&#8243; carousel_sm=&#8221;1&#8243; thumb_size=&#8221;three-two&#8221; gutter_size=&#8221;3&#8243; media_items=&#8221;media|nolink|original&#8221; carousel_interval=&#8221;0&#8243; carousel_navspeed=&#8221;400&#8243; carousel_loop=&#8221;yes&#8221; carousel_nav=&#8221;yes&#8221; carousel_nav_skin=&#8221;dark&#8221; stage_padding=&#8221;0&#8243; single_overlay_opacity=&#8221;50&#8243; single_overlay_anim=&#8221;no&#8221; single_image_anim=&#8221;no&#8221; single_padding=&#8221;2&#8243; single_border=&#8221;yes&#8221; uncode_shortcode_id=&#8221;141440&#8243;][\/vc_column][vc_column column_width_percent=&#8221;100&#8243; gutter_size=&#8221;3&#8243; overlay_alpha=&#8221;50&#8243; shift_x=&#8221;0&#8243; shift_y=&#8221;0&#8243; medium_width=&#8221;0&#8243; zoom_width=&#8221;0&#8243; zoom_height=&#8221;0&#8243; width=&#8221;1\/6&#8243;][vc_column_text uncode_shortcode_id=&#8221;202591&#8243;]<\/p>\n<div class=\"uncoltable\">\n<div class=\"uncell no-block-padding\">\n<div class=\"uncont\">\n<div class=\"uncode_text_column\">\n<p>\u201cZakaj \u017ee 10 let rinem na mraz, veter in de\u017e? Kaj je na Islandiji tako privla\u010dn\u2019ga?\u201d<\/p>\n<\/div>\n<\/div>\n<\/div>\n<\/div>\n<p>[\/vc_column_text][\/vc_column][\/vc_row][vc_row row_height_percent=&#8221;0&#8243; override_padding=&#8221;yes&#8221; h_padding=&#8221;2&#8243; top_padding=&#8221;3&#8243; bottom_padding=&#8221;3&#8243; overlay_alpha=&#8221;100&#8243; gutter_size=&#8221;3&#8243; column_width_percent=&#8221;100&#8243; shift_y=&#8221;0&#8243; z_index=&#8221;0&#8243; row_height_use_pixel=&#8221;&#8221; uncode_shortcode_id=&#8221;136948&#8243;][vc_column column_width_use_pixel=&#8221;yes&#8221; gutter_size=&#8221;3&#8243; overlay_alpha=&#8221;50&#8243; shift_x=&#8221;0&#8243; shift_y=&#8221;0&#8243; medium_width=&#8221;0&#8243; zoom_width=&#8221;0&#8243; zoom_height=&#8221;0&#8243; column_width_pixel=&#8221;800&#8243;][vc_column_text uncode_shortcode_id=&#8221;610564&#8243;]<\/p>\n<div id=\"G8gxf\" class=\"hc-cmp-wp-editor wp-editor \">\n<h3>Pretekla predavanje<\/h3>\n<ul>\n<li><strong>Slovenski planinski muzej, Mojstrana Outdoor festival<\/strong>, 10. 6. 2023<\/li>\n<li><strong>Ran\u010d Mrcina, Bohinj<\/strong>, 14. 7. 2023<\/li>\n<li><strong>Dia FEST no.15, Ljubljana<\/strong>, 23. 8. 2023<\/li>\n<li><b>Tonkina ko\u010da, Vr\u0161i\u010d<\/b>, 13. 10. 2023<\/li>\n<li><b>Elan Alpine Ski Museum<\/b>, 26. 10. 2023<\/li>\n<li><b>Hostel Celica, Ljubljana<\/b>, 6. 11. 2023<\/li>\n<li><strong>\u0160kofja Loka, Mladinski oddelek Knji\u017enice Ivana Tav\u010darja<\/strong>, 21. 11. 2023<\/li>\n<li><strong>Edvard prostor, Poslovni mediji<\/strong> (privat), 23. 11. 2023<\/li>\n<li><strong>\u010crna na Koro\u0161kem, Kulturni dom<\/strong>, 1. 12. 2023<\/li>\n<li><strong>Gori\u0161ka brda, Vedrijan<\/strong>, 2. 12. 2023<\/li>\n<li><strong>Trzin, bitsro Lagoja<\/strong>, 4. 12. 2023<\/li>\n<li><strong>Tr\u017ei\u010d, dvorana kavarne Platz<\/strong>, 6. 12. 2023<\/li>\n<li><strong>Zasip, Kulturni dom<\/strong>, 12. 12. 2023<\/li>\n<li><b>Knji\u017enica Tolmin<\/b>, 15. 12. 2023<\/li>\n<li><strong>O\u0160 Toneta \u010cufarja, Jesenice<\/strong> (privat), 6. 1. 2024<\/li>\n<li><b>Kulturni dom Izola<\/b>, 24. 1. 2024<\/li>\n<li><strong>Cankarjev dom, Festival gorni\u0161kega filma, Ljubljana<\/strong>, 13. 2. 2024<\/li>\n<li><strong>Kino Radol&#8217;ca, Festival gorni\u0161kega filma<\/strong>, 14. 2. 2024<\/li>\n<li><strong>Nova Gorica, Gori\u0161ka knji\u017enica Franceta Bevka<\/strong>, 15. 4. 2024<\/li>\n<li><strong>Radovljica, otvoritveni ve\u010der Poletnega Kina, Grajski park<\/strong>, 28. 6. 2024<\/li>\n<li><strong>Kulturni dom Logatec<\/strong>, 8. 10. 2024<\/li>\n<li><strong>Murska Sobota, Gledali\u0161\u010de Park, <\/strong>5. 11. 2024<\/li>\n<li><strong>KUD Franc Kotar Trzin<\/strong>, 26. 11. 2024<\/li>\n<li><strong>Tinkaplaninka, MC Celje<\/strong> (dobrodelni za GRZS), 25. 1. 2025<\/li>\n<li><strong>Paviljon Lounge Bar, Ljubljana<\/strong>, 16. 9. 2025<\/li>\n<\/ul>\n<\/div>\n<p>[\/vc_column_text][\/vc_column][\/vc_row][vc_row row_height_percent=&#8221;0&#8243; override_padding=&#8221;yes&#8221; h_padding=&#8221;2&#8243; top_padding=&#8221;3&#8243; bottom_padding=&#8221;3&#8243; back_color=&#8221;color-lxmt&#8221; overlay_alpha=&#8221;50&#8243; gutter_size=&#8221;3&#8243; column_width_percent=&#8221;100&#8243; shift_y=&#8221;0&#8243; z_index=&#8221;0&#8243; uncode_shortcode_id=&#8221;146699&#8243; back_color_type=&#8221;uncode-palette&#8221;][vc_column width=&#8221;1\/1&#8243;][vc_gallery el_id=&#8221;gallery-150021&#8243; medias=&#8221;126329,126333,118390,118384&#8243; gutter_size=&#8221;3&#8243; screen_lg=&#8221;1000&#8243; screen_md=&#8221;600&#8243; screen_sm=&#8221;480&#8243; single_width=&#8221;3&#8243; images_size=&#8221;three-two&#8221; single_overlay_opacity=&#8221;50&#8243; single_overlay_anim=&#8221;no&#8221; single_padding=&#8221;2&#8243; lbox_skin=&#8221;white&#8221; lbox_transparency=&#8221;opaque&#8221; uncode_shortcode_id=&#8221;153401&#8243;][\/vc_column][\/vc_row][vc_row row_height_percent=&#8221;0&#8243; override_padding=&#8221;yes&#8221; h_padding=&#8221;2&#8243; top_padding=&#8221;4&#8243; bottom_padding=&#8221;4&#8243; overlay_alpha=&#8221;50&#8243; equal_height=&#8221;yes&#8221; gutter_size=&#8221;4&#8243; column_width_percent=&#8221;100&#8243; shift_y=&#8221;0&#8243; z_index=&#8221;0&#8243; el_class=&#8221;inverted-device-order&#8221; uncode_shortcode_id=&#8221;100944&#8243;][vc_column column_width_percent=&#8221;100&#8243; gutter_size=&#8221;3&#8243; overlay_alpha=&#8221;50&#8243; shift_x=&#8221;0&#8243; shift_y=&#8221;0&#8243; shift_y_down=&#8221;0&#8243; z_index=&#8221;0&#8243; medium_width=&#8221;0&#8243; mobile_width=&#8221;0&#8243; width=&#8221;1\/3&#8243; uncode_shortcode_id=&#8221;516987&#8243;][vc_custom_heading text_color=&#8221;accent&#8221; heading_semantic=&#8221;h6&#8243; text_size=&#8221;h6&#8243; text_transform=&#8221;uppercase&#8221; uncode_shortcode_id=&#8221;490718&#8243; text_color_type=&#8221;uncode-palette&#8221;]DELO[\/vc_custom_heading][vc_custom_heading heading_semantic=&#8221;h3&#8243; subheading=&#8221;Re\u017eiser dokumentarnih filmov in direktor fotografije deset let ustvarja na Islandiji, kjer ga navdu\u0161uje predvsem narava na najbolj odmaknjenih predelih.&#8221; uncode_shortcode_id=&#8221;109739&#8243;]Drugi dom Islandija, prvi ostaja Radovljica[\/vc_custom_heading][vc_button button_color=&#8221;color-wvjs&#8221; border_width=&#8221;0&#8243; link=&#8221;url:https%3A%2F%2Fwww.delo.si%2Fmagazin%2Fpotovanja%2Fdrugi-dom-islandija-prvi-ostaja-slovenija%2F|target:_blank|&#8221; button_color_type=&#8221;uncode-palette&#8221; uncode_shortcode_id=&#8221;805680&#8243;]Preberi \u010dlanek[\/vc_button][\/vc_column][vc_column width=&#8221;1\/3&#8243;][vc_custom_heading text_color=&#8221;accent&#8221; heading_semantic=&#8221;h6&#8243; text_size=&#8221;h6&#8243; text_transform=&#8221;uppercase&#8221; uncode_shortcode_id=&#8221;455398&#8243; text_color_type=&#8221;uncode-palette&#8221;]GORENJSKI GLAS[\/vc_custom_heading][vc_custom_heading heading_semantic=&#8221;h3&#8243; subheading=&#8221;Radovlji\u010dan Ro\u017ele Bregar, snemalec, re\u017eiser in neustra\u0161en pustolovec, svojo ustvarjalno pot zaznamuje z nepopustljivo predanostjo naravi&#8230;&#8221; uncode_shortcode_id=&#8221;178664&#8243;]Film je lahko orodje ozave\u0161\u010danja[\/vc_custom_heading][vc_button button_color=&#8221;color-wvjs&#8221; border_width=&#8221;0&#8243; link=&#8221;url:https%3A%2F%2Fwww.gorenjskiglas.si%2Farticle%2F20240101%2FC%2F240109991%2F1039%2Ffilm-je-lahko-orodje-ozavescanja|target:_blank|&#8221; button_color_type=&#8221;uncode-palette&#8221; uncode_shortcode_id=&#8221;275205&#8243;]Preberi \u010dlanek[\/vc_button][\/vc_column][vc_column width=&#8221;1\/3&#8243;][vc_custom_heading text_color=&#8221;accent&#8221; heading_semantic=&#8221;h6&#8243; text_size=&#8221;h6&#8243; text_transform=&#8221;uppercase&#8221; uncode_shortcode_id=&#8221;842331&#8243; text_color_type=&#8221;uncode-palette&#8221;]RADIO OGNJI\u0160\u010cE[\/vc_custom_heading][vc_custom_heading heading_semantic=&#8221;h3&#8243; subheading=&#8221;V Do\u017eivetjih narave je bil na\u0161 osrednji gost re\u017eiser, fotograf in snemalec Ro\u017ele Bregar, kot si sam pravi: fant z veliko strastjo do ustvarjanja, ki ga je pripeljala do snemanja za BBC&#8230;&#8221; uncode_shortcode_id=&#8221;811020&#8243;]Re\u017eiser, fotograf in snemalec Ro\u017ele Bregar[\/vc_custom_heading][vc_button button_color=&#8221;color-wvjs&#8221; border_width=&#8221;0&#8243; link=&#8221;url:https%3A%2F%2Favdio.ognjisce.si%2Fshare%2Fdon_2024_02_09_pdc|target:_blank|&#8221; button_color_type=&#8221;uncode-palette&#8221; uncode_shortcode_id=&#8221;649638&#8243;]Poslu\u0161aj oddajo[\/vc_button][\/vc_column][\/vc_row][vc_row row_height_percent=&#8221;20&#8243; override_padding=&#8221;yes&#8221; h_padding=&#8221;2&#8243; top_padding=&#8221;5&#8243; bottom_padding=&#8221;5&#8243; back_color=&#8221;color-210407&#8243; overlay_color=&#8221;color-xsdn&#8221; overlay_alpha=&#8221;80&#8243; gutter_size=&#8221;3&#8243; column_width_percent=&#8221;100&#8243; shift_y=&#8221;0&#8243; z_index=&#8221;0&#8243; uncode_shortcode_id=&#8221;492951&#8243; back_color_type=&#8221;uncode-palette&#8221; overlay_color_type=&#8221;uncode-palette&#8221;][vc_column column_width_use_pixel=&#8221;yes&#8221; position_vertical=&#8221;middle&#8221; align_horizontal=&#8221;align_center&#8221; gutter_size=&#8221;3&#8243; style=&#8221;dark&#8221; overlay_alpha=&#8221;50&#8243; shift_x=&#8221;0&#8243; shift_y=&#8221;0&#8243; shift_y_down=&#8221;0&#8243; z_index=&#8221;0&#8243; medium_width=&#8221;0&#8243; mobile_width=&#8221;0&#8243; width=&#8221;1\/1&#8243; column_width_pixel=&#8221;900&#8243;][vc_custom_heading text_color=&#8221;color-210407&#8243; text_size=&#8221;h1&#8243; sub_lead=&#8221;yes&#8221; sub_reduced=&#8221;yes&#8221; css_animation=&#8221;alpha-anim&#8221; uncode_shortcode_id=&#8221;173448&#8243; text_color_type=&#8221;uncode-palette&#8221;]Va\u0161e mnenje o predavanju[\/vc_custom_heading][vc_button button_color=&#8221;color-210407&#8243; border_width=&#8221;0&#8243; css_animation=&#8221;zoom-in&#8221; link=&#8221;url:https%3A%2F%2Fus14.list-manage.com%2Fsurvey%3Fu%3D75518f0afc5ba89c4a510603e%26id%3D919226de5a%26attribution%3Dfalse|target:_blank|&#8221; button_color_type=&#8221;uncode-palette&#8221; uncode_shortcode_id=&#8221;144858&#8243;]Izpolni anketo[\/vc_button][\/vc_column][\/vc_row]<\/p>\n<\/div>","protected":false},"excerpt":{"rendered":"<p>Na predavanju: \u201cIslandija: moj drugi dom\u201d vam predstavljam svoje dogodiv\u0161\u010dine zadnjih 10 let. Na tem otoku vsako leto odkrivam najbolj odro\u010dne koti\u010dke in ustvarjam najrazli\u010dnej\u0161e outdoorovske fotografske in filmske vsebine, vsak projekt pa je odprava zase.<\/p>\n","protected":false},"author":1,"featured_media":113975,"parent":0,"menu_order":0,"comment_status":"closed","ping_status":"closed","template":"","meta":{"footnotes":""},"class_list":["post-114795","page","type-page","status-publish","has-post-thumbnail","hentry"],"_links":{"self":[{"href":"https:\/\/rozlebregar.com\/sl\/wp-json\/wp\/v2\/pages\/114795","targetHints":{"allow":["GET"]}}],"collection":[{"href":"https:\/\/rozlebregar.com\/sl\/wp-json\/wp\/v2\/pages"}],"about":[{"href":"https:\/\/rozlebregar.com\/sl\/wp-json\/wp\/v2\/types\/page"}],"author":[{"embeddable":true,"href":"https:\/\/rozlebregar.com\/sl\/wp-json\/wp\/v2\/users\/1"}],"replies":[{"embeddable":true,"href":"https:\/\/rozlebregar.com\/sl\/wp-json\/wp\/v2\/comments?post=114795"}],"version-history":[{"count":12,"href":"https:\/\/rozlebregar.com\/sl\/wp-json\/wp\/v2\/pages\/114795\/revisions"}],"predecessor-version":[{"id":127350,"href":"https:\/\/rozlebregar.com\/sl\/wp-json\/wp\/v2\/pages\/114795\/revisions\/127350"}],"wp:featuredmedia":[{"embeddable":true,"href":"https:\/\/rozlebregar.com\/sl\/wp-json\/wp\/v2\/media\/113975"}],"wp:attachment":[{"href":"https:\/\/rozlebregar.com\/sl\/wp-json\/wp\/v2\/media?parent=114795"}],"curies":[{"name":"wp","href":"https:\/\/api.w.org\/{rel}","templated":true}]}}