{"id":114705,"date":"2022-09-18T09:21:07","date_gmt":"2022-09-18T08:21:07","guid":{"rendered":"https:\/\/rozlebregar.com\/stories\/"},"modified":"2024-10-04T18:26:45","modified_gmt":"2024-10-04T17:26:45","slug":"zgodbe","status":"publish","type":"page","link":"https:\/\/rozlebregar.com\/sl\/zgodbe\/","title":{"rendered":"Zgodbe"},"content":{"rendered":"<div class=\"wpb-content-wrapper\"><p>[vc_row unlock_row_content=&#8221;yes&#8221; row_height_percent=&#8221;67&#8243; override_padding=&#8221;yes&#8221; h_padding=&#8221;5&#8243; top_padding=&#8221;4&#8243; bottom_padding=&#8221;4&#8243; back_image=&#8221;112280&#8243; overlay_color=&#8221;color-nhtu&#8221; overlay_alpha=&#8221;65&#8243; gutter_size=&#8221;3&#8243; column_width_percent=&#8221;100&#8243; shift_y=&#8221;0&#8243; z_index=&#8221;0&#8243; uncode_shortcode_id=&#8221;476764&#8243; overlay_color_type=&#8221;uncode-palette&#8221;][vc_column column_width_percent=&#8221;50&#8243; position_horizontal=&#8221;left&#8221; position_vertical=&#8221;middle&#8221; gutter_size=&#8221;3&#8243; style=&#8221;dark&#8221; overlay_alpha=&#8221;50&#8243; shift_x=&#8221;0&#8243; shift_y=&#8221;0&#8243; shift_y_down=&#8221;0&#8243; z_index=&#8221;0&#8243; medium_width=&#8221;0&#8243; mobile_width=&#8221;0&#8243; width=&#8221;1\/1&#8243; uncode_shortcode_id=&#8221;165403&#8243;][vc_custom_heading text_color=&#8221;color-xsdn&#8221; text_size=&#8221;bigtext&#8221; uncode_shortcode_id=&#8221;195018&#8243; text_color_type=&#8221;uncode-palette&#8221;]Potovanje skozi \u017eivljenske zgodbe[\/vc_custom_heading][vc_tabs vertical=&#8221;yes&#8221; valign_middle=&#8221;yes&#8221; uncode_shortcode_id=&#8221;367495&#8243;][vc_tab gutter_size=&#8221;2&#8243; column_padding=&#8221;2&#8243; tab_id=&#8221;dbf9133c-1928-10&#8243; title=&#8221;2024&#8243;][vc_custom_heading text_color=&#8221;color-xsdn&#8221; heading_semantic=&#8221;h3&#8243; text_size=&#8221;h3&#8243; uncode_shortcode_id=&#8221;785756&#8243; text_color_type=&#8221;uncode-palette&#8221;]Nagrada National Geographica[\/vc_custom_heading][vc_column_text text_color=&#8221;color-xsdn&#8221; uncode_shortcode_id=&#8221;182065&#8243; text_color_type=&#8221;uncode-palette&#8221;]Ro\u017ele je prejme presti\u017eno glavno nagrado National Geographic za svojo fotografijo \u201cPoslednji vzpon.\u201d Slika prikazuje ledeni\u0161ki naravni most na Islandiji, odkrit pred zimo in preplezan, preden je poleti izginil. To je mo\u010dan opomnik na nara\u0161\u010dajo\u010de temperature, ki jih povzro\u010da globalno segrevanje.[\/vc_column_text][\/vc_tab][vc_tab gutter_size=&#8221;2&#8243; column_padding=&#8221;2&#8243; tab_id=&#8221;dbf9133c-1928-102&#8243; title=&#8221;2022&#8243;][vc_custom_heading text_color=&#8221;color-xsdn&#8221; heading_semantic=&#8221;h3&#8243; text_size=&#8221;h3&#8243; uncode_shortcode_id=&#8221;248853&#8243; text_color_type=&#8221;uncode-palette&#8221;]Poglobitev v dokumentarce[\/vc_custom_heading][vc_column_text text_color=&#8221;color-xsdn&#8221; uncode_shortcode_id=&#8221;541236&#8243; text_color_type=&#8221;uncode-palette&#8221;]Od 30 dokumentarnih filmov, ki jih je Ro\u017ele posnel kot direktor fotografije, premierno predstavi v vlogi re\u017eiserja svoj tretji celove\u010derni dokumentarni film Ena za reko: Zgodba Save.[\/vc_column_text][\/vc_tab][vc_tab gutter_size=&#8221;2&#8243; column_padding=&#8221;2&#8243; tab_id=&#8221;d7675d06-27d8-5&#8243; title=&#8221;2021&#8243;][vc_custom_heading text_color=&#8221;color-xsdn&#8221; heading_semantic=&#8221;h3&#8243; text_size=&#8221;h3&#8243; uncode_shortcode_id=&#8221;161419&#8243; text_color_type=&#8221;uncode-palette&#8221;]BBC &amp; Covid[\/vc_custom_heading][vc_column_text text_color=&#8221;color-xsdn&#8221; uncode_shortcode_id=&#8221;531383&#8243; text_color_type=&#8221;uncode-palette&#8221;]<\/p>\n<p data-pm-slice=\"1 1 []\">V \u010dasu omejitev zaradi COVID-19 dobi Ro\u017ele prilo\u017enost sodelovati pri projektu za BBC. Kot direktor fotografije dobi za serijo &#8220;BBC Earth&#8217;s Great Rivers II&#8221; svojo prvo vlogo v veliki produkciji.<\/p>\n<p>[\/vc_column_text][\/vc_tab][vc_tab gutter_size=&#8221;2&#8243; column_padding=&#8221;2&#8243; title=&#8221;2019&#8243; tab_id=&#8221;1555580081-1-41555679894762&#8243;][vc_custom_heading text_color=&#8221;color-xsdn&#8221; heading_semantic=&#8221;h3&#8243; text_size=&#8221;h3&#8243; uncode_shortcode_id=&#8221;532329&#8243; text_color_type=&#8221;uncode-palette&#8221;]Od Everesta na Denali[\/vc_custom_heading][vc_column_text text_color=&#8221;color-xsdn&#8221; uncode_shortcode_id=&#8221;165042&#8243; text_color_type=&#8221;uncode-palette&#8221;]<\/p>\n<p data-pm-slice=\"1 1 []\">Ro\u017ele za\u010dne dokumentarni projekt z alpinistom Davom Karni\u010darjem, ki je leta 2000 kot prvi opravil celoten spust z Everesta in vseh sedem vrhov. Da bi ujel njegovo zgodbo, odpotuje v Nepal in se odpravi na zahtevno goro Denali na Aljaski. Istega leta se zgodi nesre\u010da, zaradi katere Davo tragi\u010dno umre. Zaradi tega ostane film nedokon\u010dan.<\/p>\n<p>[\/vc_column_text][\/vc_tab][vc_tab gutter_size=&#8221;2&#8243; column_padding=&#8221;2&#8243; tab_id=&#8221;5a87eb67-8ed6-7&#8243; title=&#8221;2016&#8243;][vc_custom_heading text_color=&#8221;color-xsdn&#8221; heading_semantic=&#8221;h3&#8243; text_size=&#8221;h3&#8243; uncode_shortcode_id=&#8221;124215&#8243; text_color_type=&#8221;uncode-palette&#8221;]Balkan Rivers Tour[\/vc_custom_heading][vc_column_text text_color=&#8221;color-xsdn&#8221; uncode_shortcode_id=&#8221;844418&#8243; text_color_type=&#8221;uncode-palette&#8221;]<\/p>\n<p data-pm-slice=\"1 1 []\">Z namenom za\u0161\u010dite balkanskih rek se Ro\u017ele z ekipo \u00bbBalkan River Defence\u00ab poda na kajaka\u0161ko popotovanje po Balkanu. Prvotni na\u010drt je ustvariti kratek film o potovanju in ozave\u0161\u010dati proti jezom. Ko pa so veslali po rekah so ugotovili, da je zgodba dolga ve\u010d kot le nekaj minut. Dve leti pozneje izdajo celove\u010derni, svetovno nagrajeni dokumentarec &#8220;Nepo\u0161kodovane&#8221;.<\/p>\n<p>[\/vc_column_text][\/vc_tab][vc_tab gutter_size=&#8221;2&#8243; column_padding=&#8221;2&#8243; tab_id=&#8221;cb769085-4104-9&#8243; title=&#8221;2015&#8243;][vc_custom_heading text_color=&#8221;color-xsdn&#8221; heading_semantic=&#8221;h3&#8243; text_size=&#8221;h3&#8243; uncode_shortcode_id=&#8221;580722&#8243; text_color_type=&#8221;uncode-palette&#8221;]Islandija: Moj drugi dom[\/vc_custom_heading][vc_column_text text_color=&#8221;color-xsdn&#8221; uncode_shortcode_id=&#8221;836910&#8243; text_color_type=&#8221;uncode-palette&#8221;]Ro\u017ele za\u010dne vse pogosteje obiskovati Islandijo. Ponovno se pove\u017ee s svojim najbolj\u0161im prijateljem Siggijem. Njuno prijateljstvo je postalo mo\u010dnej\u0161e kot kdaj koli prej. Za\u010dela sta se podajati na ne\u0161teto pustolov\u0161\u010din in skupaj delala na razli\u010dnih filmskih projektih.[\/vc_column_text][\/vc_tab][vc_tab gutter_size=&#8221;2&#8243; column_padding=&#8221;2&#8243; tab_id=&#8221;95c24565-ca82-6&#8243; title=&#8221;2014&#8243;][vc_custom_heading text_color=&#8221;color-xsdn&#8221; heading_semantic=&#8221;h3&#8243; text_size=&#8221;h3&#8243; uncode_shortcode_id=&#8221;995333&#8243; text_color_type=&#8221;uncode-palette&#8221;]Grenlandija &#8211; v spomin Juretu[\/vc_custom_heading][vc_column_text text_color=&#8221;color-xsdn&#8221; uncode_shortcode_id=&#8221;170433&#8243; text_color_type=&#8221;uncode-palette&#8221;]<\/p>\n<p data-pm-slice=\"1 1 []\">Ro\u017ele odpotuje z re\u017eiserjem Juretom Breceljnikom z jadrnico na Grenlandijo, da posnameta dokumentarni film Zadnji ledeni lovci. Med projektom nenadoma umre Jure. Ro\u017ele prevzame vlogo re\u017eiserja in dve leti kasneje s svojo ekipo dokon\u010da film.<\/p>\n<p>[\/vc_column_text][\/vc_tab][vc_tab gutter_size=&#8221;2&#8243; column_padding=&#8221;2&#8243; tab_id=&#8221;10088eea-ef43-11&#8243; title=&#8221;2012&#8243;][vc_custom_heading text_color=&#8221;color-xsdn&#8221; heading_semantic=&#8221;h3&#8243; text_size=&#8221;h3&#8243; uncode_shortcode_id=&#8221;996237&#8243; text_color_type=&#8221;uncode-palette&#8221;]Zlati Nepal[\/vc_custom_heading][vc_column_text text_color=&#8221;color-xsdn&#8221; uncode_shortcode_id=&#8221;437236&#8243; text_color_type=&#8221;uncode-palette&#8221;]<\/p>\n<p data-pm-slice=\"1 1 []\">Ro\u017ele zaklju\u010di kot prva generacija v Sloveniji leta 2007 program Mednarodno priznanje za mlade. Kasneje se je kot MEPI in\u0161truktor in snemalec s skupino mladih poda na treking v Nepal. Med to ekspedicijo ustvari kratek dokumentarni film.<\/p>\n<p>[\/vc_column_text][\/vc_tab][vc_tab gutter_size=&#8221;2&#8243; column_padding=&#8221;2&#8243; tab_id=&#8221;d46fedb1-0206-4&#8243; title=&#8221;2010&#8243;][vc_custom_heading text_color=&#8221;color-xsdn&#8221; heading_semantic=&#8221;h3&#8243; text_size=&#8221;h3&#8243; uncode_shortcode_id=&#8221;177673&#8243; text_color_type=&#8221;uncode-palette&#8221;]Sfinga[\/vc_custom_heading][vc_column_text text_color=&#8221;color-xsdn&#8221; uncode_shortcode_id=&#8221;881906&#8243; text_color_type=&#8221;uncode-palette&#8221;]Ro\u017eleta povabijo kot snemalca k snemanju \u00bbSfinge\u00ab v severni Triglvski steni. Snemalni proces je bil neverjetno zahteven, vendar se je izkazalo, da je \u0161lo za zelo slaven film, ki je prejel \u0161tevilne nagrade po vsem svetu. Ta neverjetna prilo\u017enost odpre Ro\u017eletu mnoga vrata kariere.[\/vc_column_text][\/vc_tab][vc_tab gutter_size=&#8221;2&#8243; column_padding=&#8221;2&#8243; tab_id=&#8221;da03057f-bcd4-2&#8243; title=&#8221;2009&#8243;][vc_custom_heading text_color=&#8221;color-xsdn&#8221; heading_semantic=&#8221;h3&#8243; text_size=&#8221;h3&#8243; uncode_shortcode_id=&#8221;656751&#8243; text_color_type=&#8221;uncode-palette&#8221;]Dose\u017een je dose\u017eek[\/vc_custom_heading][vc_column_text text_color=&#8221;color-xsdn&#8221; uncode_shortcode_id=&#8221;141159&#8243; text_color_type=&#8221;uncode-palette&#8221;]<\/p>\n<p data-pm-slice=\"1 1 []\">Ro\u017ele diplomira iz \u0161portne fotografije na In\u0161titutu in Akademiji za multimedije v Ljubljani.<\/p>\n<p>[\/vc_column_text][\/vc_tab][vc_tab gutter_size=&#8221;2&#8243; column_padding=&#8221;2&#8243; title=&#8221;2008&#8243; tab_id=&#8221;1555580081-2-471555679894762&#8243;][vc_custom_heading text_color=&#8221;color-xsdn&#8221; heading_semantic=&#8221;h3&#8243; text_size=&#8221;h3&#8243; uncode_shortcode_id=&#8221;136138&#8243; text_color_type=&#8221;uncode-palette&#8221;]Ponovno rojstvo na Japonskem[\/vc_custom_heading][vc_column_text text_color=&#8221;color-xsdn&#8221; uncode_shortcode_id=&#8221;915497&#8243; text_color_type=&#8221;uncode-palette&#8221;]Zimsko popotovanje v japonskih Alpah je dobilo nepri\u010dakovan preobrat, ko Ro\u017eleta nenadoma zasuje ogromen sne\u017eni plaz. Na sre\u010do pre\u017eivi.[\/vc_column_text][\/vc_tab][vc_tab gutter_size=&#8221;2&#8243; column_padding=&#8221;2&#8243; title=&#8221;2008&#8243; tab_id=&#8221;1f9cb65c-2634-cl&#8221;][vc_custom_heading text_color=&#8221;color-xsdn&#8221; heading_semantic=&#8221;h3&#8243; text_size=&#8221;h3&#8243; uncode_shortcode_id=&#8221;923476&#8243; text_color_type=&#8221;uncode-palette&#8221;]Vizualist[\/vc_custom_heading][vc_column_text text_color=&#8221;color-xsdn&#8221; uncode_shortcode_id=&#8221;701017&#8243; text_color_type=&#8221;uncode-palette&#8221;]Ro\u017ele ustanovi video produkcijsko hi\u0161o Vizualist, gre za skupino mladih zanesenjakov, katere \u017ee vrsto let zdru\u017euje strast do gibljivih slik, obogatenih z zvokom v druga\u010dnem, edinstvenem slogu.[\/vc_column_text][\/vc_tab][vc_tab gutter_size=&#8221;2&#8243; column_padding=&#8221;2&#8243; tab_id=&#8221;fbef160e-e53f-8&#8243; title=&#8221;2006&#8243;][vc_custom_heading text_color=&#8221;color-xsdn&#8221; heading_semantic=&#8221;h3&#8243; text_size=&#8221;h3&#8243; uncode_shortcode_id=&#8221;502597&#8243; text_color_type=&#8221;uncode-palette&#8221;]Darilo mame[\/vc_custom_heading][vc_column_text text_color=&#8221;color-xsdn&#8221; uncode_shortcode_id=&#8221;318585&#8243; text_color_type=&#8221;uncode-palette&#8221;]<\/p>\n<p data-pm-slice=\"1 1 []\">Njegova mama podari Ro\u017eletu prvi profesionalni fotoaparat DSLR. To je bil prvi in zadnji kos opreme, ki mu ga je kdaj kupila. Z njim je za\u010del kariero in prodal svojo prvo fotografijo.<\/p>\n<p>[\/vc_column_text][\/vc_tab][\/vc_tabs][\/vc_column][\/vc_row][vc_row row_height_percent=&#8221;0&#8243; override_padding=&#8221;yes&#8221; h_padding=&#8221;2&#8243; top_padding=&#8221;4&#8243; bottom_padding=&#8221;4&#8243; overlay_alpha=&#8221;50&#8243; gutter_size=&#8221;3&#8243; column_width_percent=&#8221;100&#8243; border_color=&#8221;color-gyho&#8221; border_style=&#8221;solid&#8221; shift_y=&#8221;0&#8243; z_index=&#8221;0&#8243; css=&#8221;.vc_custom_1692013653855{border-top-width: 1px !important;}&#8221; uncode_shortcode_id=&#8221;213342&#8243; border_color_type=&#8221;uncode-palette&#8221;][vc_column column_width_use_pixel=&#8221;yes&#8221; align_horizontal=&#8221;align_center&#8221; gutter_size=&#8221;3&#8243; overlay_alpha=&#8221;50&#8243; shift_x=&#8221;0&#8243; shift_y=&#8221;0&#8243; shift_y_down=&#8221;0&#8243; z_index=&#8221;0&#8243; medium_width=&#8221;0&#8243; mobile_width=&#8221;0&#8243; width=&#8221;1\/1&#8243; column_width_pixel=&#8221;900&#8243; uncode_shortcode_id=&#8221;185011&#8243;][vc_icon position=&#8221;bottom&#8221; display=&#8221;inline&#8221; icon=&#8221;fa fa-angle-down&#8221; icon_color=&#8221;color-jevc&#8221; heading_semantic=&#8221;div&#8221; text_size=&#8221;&#8221; uncode_shortcode_id=&#8221;168205&#8243; icon_color_type=&#8221;uncode-palette&#8221; title=&#8221;Poglej zgodbe&#8221;][\/vc_icon][uncode_index el_id=&#8221;index-1-893&#8243; isotope_mode=&#8221;fitRows&#8221; loop=&#8221;size:All|order_by:date|post_type:post|taxonomy_count:10&#8243; screen_lg=&#8221;700&#8243; screen_md=&#8221;480&#8243; screen_sm=&#8221;480&#8243; gutter_size=&#8221;3&#8243; post_items=&#8221;media|featured|onpost|poster,date,title,text|full|200,icon|sm,sep-one|full&#8221; infinite=&#8221;yes&#8221; single_width=&#8221;12&#8243; single_overlay_color=&#8221;accent&#8221; single_overlay_opacity=&#8221;50&#8243; single_padding=&#8221;2&#8243; single_title_dimension=&#8221;h3&#8243; single_border=&#8221;yes&#8221; single_icon=&#8221;fa fa-plus2&#8243; uncode_shortcode_id=&#8221;205154&#8243;][\/vc_column][\/vc_row]<\/p>\n<\/div>","protected":false},"excerpt":{"rendered":"<p>Kot popotnik in pustolovec uporabljam fotografijo, da o\u017eivim zgodbe. Predstavljam razli\u010dne kulture, alpinizem, plezanje, odprave in \u0161e veliko ve\u010d ter tako navdihujem druge, da razi\u0161\u010dejo svet.<\/p>\n","protected":false},"author":1,"featured_media":113945,"parent":0,"menu_order":0,"comment_status":"closed","ping_status":"closed","template":"","meta":{"footnotes":""},"class_list":["post-114705","page","type-page","status-publish","has-post-thumbnail","hentry"],"_links":{"self":[{"href":"https:\/\/rozlebregar.com\/sl\/wp-json\/wp\/v2\/pages\/114705","targetHints":{"allow":["GET"]}}],"collection":[{"href":"https:\/\/rozlebregar.com\/sl\/wp-json\/wp\/v2\/pages"}],"about":[{"href":"https:\/\/rozlebregar.com\/sl\/wp-json\/wp\/v2\/types\/page"}],"author":[{"embeddable":true,"href":"https:\/\/rozlebregar.com\/sl\/wp-json\/wp\/v2\/users\/1"}],"replies":[{"embeddable":true,"href":"https:\/\/rozlebregar.com\/sl\/wp-json\/wp\/v2\/comments?post=114705"}],"version-history":[{"count":0,"href":"https:\/\/rozlebregar.com\/sl\/wp-json\/wp\/v2\/pages\/114705\/revisions"}],"wp:featuredmedia":[{"embeddable":true,"href":"https:\/\/rozlebregar.com\/sl\/wp-json\/wp\/v2\/media\/113945"}],"wp:attachment":[{"href":"https:\/\/rozlebregar.com\/sl\/wp-json\/wp\/v2\/media?parent=114705"}],"curies":[{"name":"wp","href":"https:\/\/api.w.org\/{rel}","templated":true}]}}