{"id":114287,"date":"2022-09-16T12:33:20","date_gmt":"2022-09-16T11:33:20","guid":{"rendered":"https:\/\/rozlebregar.com\/o\/"},"modified":"2025-02-04T16:51:16","modified_gmt":"2025-02-04T15:51:16","slug":"avtor","status":"publish","type":"page","link":"https:\/\/rozlebregar.com\/sl\/avtor\/","title":{"rendered":"Avtor"},"content":{"rendered":"<div class=\"wpb-content-wrapper\"><p>[vc_row row_height_percent=&#8221;40&#8243; override_padding=&#8221;yes&#8221; h_padding=&#8221;2&#8243; top_padding=&#8221;5&#8243; bottom_padding=&#8221;5&#8243; back_color=&#8221;color-jevc&#8221; overlay_alpha=&#8221;100&#8243; gutter_size=&#8221;3&#8243; column_width_percent=&#8221;100&#8243; shift_y=&#8221;0&#8243; z_index=&#8221;0&#8243; uncode_shortcode_id=&#8221;168811&#8243; back_color_type=&#8221;uncode-palette&#8221;][vc_column column_width_percent=&#8221;100&#8243; position_horizontal=&#8221;left&#8221; position_vertical=&#8221;middle&#8221; align_horizontal=&#8221;align_center&#8221; gutter_size=&#8221;3&#8243; style=&#8221;dark&#8221; overlay_alpha=&#8221;50&#8243; shift_x=&#8221;0&#8243; shift_y=&#8221;0&#8243; shift_y_down=&#8221;0&#8243; z_index=&#8221;0&#8243; medium_width=&#8221;0&#8243; mobile_width=&#8221;0&#8243; width=&#8221;9\/12&#8243; uncode_shortcode_id=&#8221;188279&#8243;][vc_custom_heading text_color=&#8221;color-xsdn&#8221; text_size=&#8221;fontsize-168478&#8243; css_animation=&#8221;zoom-in&#8221; uncode_shortcode_id=&#8221;608218&#8243; text_color_type=&#8221;uncode-palette&#8221;]<\/p>\n<div class=\"page\" title=\"Stran 3\">&#8220;Bil sem le fant z veliko strastjo do ustvarjanja, ki me je pripeljala do snemanja za BBC.&#8221;<\/div>\n<p>[\/vc_custom_heading][\/vc_column][\/vc_row][vc_row row_height_percent=&#8221;0&#8243; override_padding=&#8221;yes&#8221; h_padding=&#8221;2&#8243; top_padding=&#8221;5&#8243; bottom_padding=&#8221;3&#8243; overlay_alpha=&#8221;100&#8243; gutter_size=&#8221;3&#8243; column_width_percent=&#8221;100&#8243; shift_y=&#8221;0&#8243; z_index=&#8221;0&#8243; row_height_use_pixel=&#8221;&#8221; uncode_shortcode_id=&#8221;185972&#8243;][vc_column column_width_use_pixel=&#8221;yes&#8221; gutter_size=&#8221;3&#8243; overlay_alpha=&#8221;50&#8243; shift_x=&#8221;0&#8243; shift_y=&#8221;0&#8243; medium_width=&#8221;0&#8243; zoom_width=&#8221;0&#8243; zoom_height=&#8221;0&#8243; column_width_pixel=&#8221;800&#8243;][vc_column_text css_animation=&#8221;alpha-anim&#8221; animation_delay=&#8221;200&#8243; uncode_shortcode_id=&#8221;444690&#8243;]<\/p>\n<div class=\"page\" style=\"text-align: justify;\" title=\"Page 2\">\n<div class=\"section\">\n<div class=\"layoutArea\">\n<div class=\"column\">Ro\u017ele Bregar je doma v gorah. Njegova ljubezen do fotografije in pustolovskih \u0161portov ga je spremenila v ve\u010dkrat nagrajenega snemalca in re\u017eiserja. Znan je po snemanju v ekstremnih razmerah \u2013 od visenja na vrvi skupaj s plezalci do preno\u010devanja v \u0161otoru v gorah ali ob reki s kajakom. Posve\u010da se snemanju neulovljivih trenutkov, oddaljenih pokrajin in \u010dustev izjemnih \u0161portov na prostem. Zaradi svojega ob\u010dudovanja narave vidi stvari, ki jih drugi ne vidijo.<\/div>\n<\/div>\n<p>Je soustanovitelj video produkcije\u00a0<a href=\"http:\/\/www.vizualist.si\" target=\"_blank\" rel=\"noopener\">Vizualist<\/a>, ki jo je leta 2008 ustanovila skupina mladih, ambicioznih slovenskih filmarjev, ki jih dru\u017ei strast do snemanja z ustvarjalnim pristopom. Kmalu za tem se je zaljubil v Arktiko, o\u010daran nad njeno surovo lepoto, pri \u010demer je Islandija postala glavni del njegove zgodbe.<\/p>\n<p>Ro\u017ele je sodeloval v \u0161tevilnih projektih po vsem svetu, med drugim pri BBC, Amazon Studios, Warner Bros Discovery, Deutsche Welle in NHK World Japan. Nenehno je na poti, kjer snema edinstvene zgodbe v najdivjej\u0161ih predelih sveta. Posnel je ve\u010d celove\u010dernih dokumentarnih filmov ter tudi \u0161tevilne oglase in turisti\u010dne promocijske filme. V letu 2024 je prejel glavno nagrado za fotografijo od National Geographic, kar izpostavlja tudi njegovo zavezanost ozave\u0161\u010danja o okoljskih te\u017eavah.<\/p>\n<p>Ko se pojavi nor izziv, ki vklju\u010duje zahtevne pogoje, ekstremne vremenske razmere in edinstven pristop, je Ro\u017ele tam.<\/p>\n<\/div>\n<\/div>\n<p>[\/vc_column_text][\/vc_column][\/vc_row][vc_row row_height_percent=&#8221;0&#8243; override_padding=&#8221;yes&#8221; h_padding=&#8221;2&#8243; top_padding=&#8221;0&#8243; bottom_padding=&#8221;0&#8243; overlay_alpha=&#8221;100&#8243; gutter_size=&#8221;3&#8243; column_width_percent=&#8221;100&#8243; shift_y=&#8221;0&#8243; z_index=&#8221;0&#8243; row_height_use_pixel=&#8221;&#8221;][vc_column column_width_use_pixel=&#8221;yes&#8221; gutter_size=&#8221;3&#8243; overlay_alpha=&#8221;50&#8243; shift_x=&#8221;0&#8243; shift_y=&#8221;0&#8243; shift_y_down=&#8221;0&#8243; z_index=&#8221;0&#8243; medium_width=&#8221;0&#8243; mobile_width=&#8221;0&#8243; css_animation=&#8221;zoom-in&#8221; animation_delay=&#8221;200&#8243; zoom_width=&#8221;0&#8243; zoom_height=&#8221;0&#8243; width=&#8221;5\/6&#8243; uncode_shortcode_id=&#8221;218767&#8243;][vc_gallery el_id=&#8221;gallery-777537&#8243; type=&#8221;carousel&#8221; medias=&#8221;111620,111616,111622,111618,111617,111619,111621&#8243; carousel_lg=&#8221;1&#8243; carousel_md=&#8221;1&#8243; carousel_sm=&#8221;1&#8243; thumb_size=&#8221;sixteen-nine&#8221; gutter_size=&#8221;3&#8243; media_items=&#8221;&#8221; carousel_type=&#8221;fade&#8221; carousel_interval=&#8221;10000&#8243; carousel_navspeed=&#8221;1000&#8243; carousel_loop=&#8221;yes&#8221; carousel_nav=&#8221;yes&#8221; carousel_nav_skin=&#8221;dark&#8221; stage_padding=&#8221;0&#8243; single_style=&#8221;dark&#8221; single_overlay_opacity=&#8221;50&#8243; single_overlay_anim=&#8221;no&#8221; single_image_anim=&#8221;no&#8221; single_padding=&#8221;2&#8243; single_border=&#8221;yes&#8221; lbox_skin=&#8221;white&#8221; lbox_transparency=&#8221;opaque&#8221; lbox_deep=&#8221;yes&#8221; lbox_counter=&#8221;yes&#8221; uncode_shortcode_id=&#8221;911951&#8243;][\/vc_column][vc_column column_width_percent=&#8221;100&#8243; gutter_size=&#8221;3&#8243; overlay_alpha=&#8221;50&#8243; shift_x=&#8221;0&#8243; shift_y=&#8221;0&#8243; medium_width=&#8221;0&#8243; zoom_width=&#8221;0&#8243; zoom_height=&#8221;0&#8243; width=&#8221;1\/6&#8243;][vc_column_text css_animation=&#8221;alpha-anim&#8221; animation_delay=&#8221;300&#8243; uncode_shortcode_id=&#8221;185741&#8243;]Ve\u010dkrat nagrajeni ustvarjalec filmskih vsebin, zaljubljen v naravo in gore.[\/vc_column_text][\/vc_column][\/vc_row][vc_row row_height_percent=&#8221;0&#8243; override_padding=&#8221;yes&#8221; h_padding=&#8221;2&#8243; top_padding=&#8221;3&#8243; bottom_padding=&#8221;0&#8243; overlay_alpha=&#8221;100&#8243; gutter_size=&#8221;3&#8243; column_width_percent=&#8221;100&#8243; shift_y=&#8221;0&#8243; z_index=&#8221;0&#8243; row_height_use_pixel=&#8221;&#8221; uncode_shortcode_id=&#8221;112599&#8243;][vc_column column_width_use_pixel=&#8221;yes&#8221; gutter_size=&#8221;3&#8243; overlay_alpha=&#8221;50&#8243; shift_x=&#8221;0&#8243; shift_y=&#8221;0&#8243; medium_width=&#8221;0&#8243; zoom_width=&#8221;0&#8243; zoom_height=&#8221;0&#8243; column_width_pixel=&#8221;800&#8243;][vc_custom_heading text_color=&#8221;accent&#8221; heading_semantic=&#8221;h3&#8243; text_size=&#8221;h4&#8243; text_transform=&#8221;uppercase&#8221; uncode_shortcode_id=&#8221;171401&#8243; text_color_type=&#8221;uncode-palette&#8221;]Poudarjeni projekti[\/vc_custom_heading][uncode_list icon=&#8221;fa fa-angle-right&#8221; icon_color=&#8221;accent&#8221; uncode_shortcode_id=&#8221;107836&#8243; icon_color_type=&#8221;uncode-palette&#8221;]<\/p>\n<ul>\n<li><strong><a href=\"https:\/\/rozlebregar.com\/films\/earths-great-rivers-ii-danube\/\">BBC Earth&#8217;s Great Rivers II: Danube<\/a> <\/strong>[dokumentarna TV serija] 2022<\/li>\n<li><a href=\"https:\/\/rozlebregar.com\/films\/one-for-the-river-the-sava-story\/\"><strong>Ena za reko: Zgodba o Savi<\/strong><\/a> [celove\u010derni dokumentarni film] 2022<\/li>\n<li><strong><a href=\"https:\/\/rozlebregar.com\/the-last-ice-hunters-2\/?lang=sl\">Zadnji ledeni lovci<\/a> <\/strong>[celove\u010derni dokumentarni film] 2017<\/li>\n<li><a href=\"https:\/\/rozlebregar.com\/films\/the-undamaged\/\"><strong>Nepo\u0161kodovane<\/strong><\/a> [dokumentarni film] 2018<\/li>\n<\/ul>\n<p>[\/uncode_list][\/vc_column][\/vc_row][vc_row row_height_percent=&#8221;0&#8243; override_padding=&#8221;yes&#8221; h_padding=&#8221;2&#8243; top_padding=&#8221;3&#8243; bottom_padding=&#8221;0&#8243; overlay_alpha=&#8221;100&#8243; gutter_size=&#8221;3&#8243; column_width_percent=&#8221;100&#8243; shift_y=&#8221;0&#8243; z_index=&#8221;0&#8243; row_height_use_pixel=&#8221;&#8221; uncode_shortcode_id=&#8221;112599&#8243;][vc_column column_width_use_pixel=&#8221;yes&#8221; gutter_size=&#8221;3&#8243; overlay_alpha=&#8221;50&#8243; shift_x=&#8221;0&#8243; shift_y=&#8221;0&#8243; medium_width=&#8221;0&#8243; zoom_width=&#8221;0&#8243; zoom_height=&#8221;0&#8243; column_width_pixel=&#8221;800&#8243;][vc_custom_heading text_color=&#8221;accent&#8221; heading_semantic=&#8221;h3&#8243; text_size=&#8221;h4&#8243; text_transform=&#8221;uppercase&#8221; uncode_shortcode_id=&#8221;149225&#8243; text_color_type=&#8221;uncode-palette&#8221;]Predavanja[\/vc_custom_heading][uncode_list icon=&#8221;fa fa-angle-right&#8221; icon_color=&#8221;accent&#8221; uncode_shortcode_id=&#8221;491404&#8243; icon_color_type=&#8221;uncode-palette&#8221;]<\/p>\n<ul>\n<li><a href=\"https:\/\/rozlebregar.com\/predavanje-islandija-moj-drugi-dom\/\"><strong>Islandija: Moj drugi dom<\/strong><\/a>, 2023-&#8230;<\/li>\n<li><strong>Denali &#8211; Aljaska &amp; projekt Ti sam Gre\u0161 z Davo Karni\u010dar<\/strong>, 2019<\/li>\n<li><strong>Zgodba o Grenlandiji &#8211; Zadnji ledeni lovci,<\/strong> 2018<\/li>\n<li><strong>Pou\u010devanje snemanja na In\u0161titutu in Akademiji za multimedijo<\/strong>, 2014-2016<\/li>\n<li><strong>Tajska plezalna odprv&#8217;ca<\/strong>, 2007<\/li>\n<\/ul>\n<p>[\/uncode_list][\/vc_column][\/vc_row][vc_row row_height_percent=&#8221;0&#8243; override_padding=&#8221;yes&#8221; h_padding=&#8221;2&#8243; top_padding=&#8221;3&#8243; bottom_padding=&#8221;0&#8243; overlay_alpha=&#8221;100&#8243; gutter_size=&#8221;3&#8243; column_width_percent=&#8221;100&#8243; shift_y=&#8221;0&#8243; z_index=&#8221;0&#8243; row_height_use_pixel=&#8221;&#8221; uncode_shortcode_id=&#8221;112599&#8243;][vc_column column_width_use_pixel=&#8221;yes&#8221; gutter_size=&#8221;3&#8243; overlay_alpha=&#8221;50&#8243; shift_x=&#8221;0&#8243; shift_y=&#8221;0&#8243; medium_width=&#8221;0&#8243; zoom_width=&#8221;0&#8243; zoom_height=&#8221;0&#8243; column_width_pixel=&#8221;800&#8243;][vc_custom_heading text_color=&#8221;accent&#8221; heading_semantic=&#8221;h3&#8243; text_size=&#8221;h4&#8243; text_transform=&#8221;uppercase&#8221; uncode_shortcode_id=&#8221;997047&#8243; text_color_type=&#8221;uncode-palette&#8221;]Fotografske razstave[\/vc_custom_heading][uncode_list icon=&#8221;fa fa-angle-right&#8221; icon_color=&#8221;accent&#8221; uncode_shortcode_id=&#8221;811312&#8243; icon_color_type=&#8221;uncode-palette&#8221;]<\/p>\n<ul>\n<li><strong>Ti sam gre\u0161<\/strong>, BOFF &amp; Ljubljana 2019<\/li>\n<li><strong>Mrzle poti<\/strong>, Bled 2009<\/li>\n<li><strong>\u010cez mejo<\/strong>, Jesenice 2009<\/li>\n<li><strong>Drop Out<\/strong>, Magu\u0161arjeva hi\u0161a 2007<\/li>\n<\/ul>\n<p>[\/uncode_list][\/vc_column][\/vc_row][vc_row row_height_percent=&#8221;0&#8243; override_padding=&#8221;yes&#8221; h_padding=&#8221;2&#8243; top_padding=&#8221;3&#8243; bottom_padding=&#8221;3&#8243; overlay_alpha=&#8221;100&#8243; gutter_size=&#8221;3&#8243; column_width_percent=&#8221;100&#8243; shift_y=&#8221;0&#8243; z_index=&#8221;0&#8243; row_height_use_pixel=&#8221;&#8221; uncode_shortcode_id=&#8221;153588&#8243;][vc_column column_width_use_pixel=&#8221;yes&#8221; gutter_size=&#8221;3&#8243; overlay_alpha=&#8221;50&#8243; shift_x=&#8221;0&#8243; shift_y=&#8221;0&#8243; medium_width=&#8221;0&#8243; zoom_width=&#8221;0&#8243; zoom_height=&#8221;0&#8243; column_width_pixel=&#8221;800&#8243;][vc_custom_heading text_color=&#8221;accent&#8221; heading_semantic=&#8221;h3&#8243; text_size=&#8221;h4&#8243; text_transform=&#8221;uppercase&#8221; uncode_shortcode_id=&#8221;883746&#8243; text_color_type=&#8221;uncode-palette&#8221;]\u010clan \u017eirije za filmske festivale in fotografske nagrade[\/vc_custom_heading][uncode_list icon=&#8221;fa fa-angle-right&#8221; icon_color=&#8221;accent&#8221; uncode_shortcode_id=&#8221;140098&#8243; icon_color_type=&#8221;uncode-palette&#8221;]<\/p>\n<div class=\"page\" title=\"Stran 10\">\n<div class=\"section\">\n<div class=\"layoutArea\">\n<div class=\"column\">\n<ul>\n<li><strong>14. Festival gorni\u0161kega filma (International Alliance for Mountain Film)<\/strong>, 2020<\/li>\n<li><strong>BOFF &#8211; Festival filma na prostem<\/strong>, 2017<\/li>\n<li><strong>Moja smer, Slovenski planinski muzej<\/strong>, 2022<\/li>\n<li><strong>#mojivrhovi, Slovenski planinski muzej<\/strong>, 2020<\/li>\n<li><strong>The Duke of Edinburgh&#8217;s International Award vojvode Edinbur\u0161kega<\/strong>, 2023<\/li>\n<\/ul>\n<\/div>\n<\/div>\n<\/div>\n<\/div>\n<p>[\/uncode_list][\/vc_column][\/vc_row][vc_row row_height_percent=&#8221;0&#8243; override_padding=&#8221;yes&#8221; h_padding=&#8221;2&#8243; top_padding=&#8221;4&#8243; bottom_padding=&#8221;4&#8243; back_color=&#8221;color-gyho&#8221; overlay_alpha=&#8221;100&#8243; gutter_size=&#8221;3&#8243; column_width_percent=&#8221;100&#8243; border_color=&#8221;color-gyho&#8221; border_style=&#8221;solid&#8221; shift_y=&#8221;0&#8243; z_index=&#8221;0&#8243; uncode_shortcode_id=&#8221;134058&#8243; back_color_type=&#8221;uncode-palette&#8221; border_color_type=&#8221;uncode-palette&#8221;][vc_column column_width_percent=&#8221;100&#8243; align_horizontal=&#8221;align_center&#8221; gutter_size=&#8221;3&#8243; overlay_alpha=&#8221;100&#8243; shift_x=&#8221;0&#8243; shift_y=&#8221;0&#8243; shift_y_down=&#8221;0&#8243; z_index=&#8221;0&#8243; medium_width=&#8221;0&#8243; mobile_width=&#8221;0&#8243; css_animation=&#8221;alpha-anim&#8221; animation_delay=&#8221;200&#8243; zoom_width=&#8221;0&#8243; zoom_height=&#8221;0&#8243; width=&#8221;1\/1&#8243; uncode_shortcode_id=&#8221;108592&#8243;][vc_gallery el_id=&#8221;gallery-85457&#8243; type=&#8221;carousel&#8221; medias=&#8221;111643,111650,111651,111647,111652,111641,111644,111725,112489,111642,111646,112487,111649,111645,111640&#8243; carousel_lg=&#8221;9&#8243; carousel_md=&#8221;5&#8243; carousel_sm=&#8221;3&#8243; gutter_size=&#8221;3&#8243; media_items=&#8221;media|nolink|original,icon&#8221; carousel_v_align=&#8221;middle&#8221; carousel_interval=&#8221;3000&#8243; carousel_navspeed=&#8221;400&#8243; carousel_loop=&#8221;yes&#8221; stage_padding=&#8221;0&#8243; single_overlay_opacity=&#8221;50&#8243; single_overlay_anim=&#8221;no&#8221; single_text_anim=&#8221;no&#8221; single_image_coloration=&#8221;desaturated&#8221; single_image_color_anim=&#8221;yes&#8221; single_image_anim=&#8221;no&#8221; single_padding=&#8221;2&#8243; single_border=&#8221;yes&#8221; title=&#8221;Stranke&#8221; uncode_shortcode_id=&#8221;407714&#8243;][\/vc_column][\/vc_row]<\/p>\n<\/div>","protected":false},"excerpt":{"rendered":"<p>Direktor fotografije, re\u017eiser in pustolovec. Njegovo dokumentarno in reklamno delo odra\u017ea njegovo ljubezen in predanost naravi, goram in prostranstvu.<\/p>\n","protected":false},"author":1,"featured_media":113304,"parent":0,"menu_order":0,"comment_status":"closed","ping_status":"closed","template":"","meta":{"footnotes":""},"class_list":["post-114287","page","type-page","status-publish","has-post-thumbnail","hentry"],"_links":{"self":[{"href":"https:\/\/rozlebregar.com\/sl\/wp-json\/wp\/v2\/pages\/114287","targetHints":{"allow":["GET"]}}],"collection":[{"href":"https:\/\/rozlebregar.com\/sl\/wp-json\/wp\/v2\/pages"}],"about":[{"href":"https:\/\/rozlebregar.com\/sl\/wp-json\/wp\/v2\/types\/page"}],"author":[{"embeddable":true,"href":"https:\/\/rozlebregar.com\/sl\/wp-json\/wp\/v2\/users\/1"}],"replies":[{"embeddable":true,"href":"https:\/\/rozlebregar.com\/sl\/wp-json\/wp\/v2\/comments?post=114287"}],"version-history":[{"count":0,"href":"https:\/\/rozlebregar.com\/sl\/wp-json\/wp\/v2\/pages\/114287\/revisions"}],"wp:featuredmedia":[{"embeddable":true,"href":"https:\/\/rozlebregar.com\/sl\/wp-json\/wp\/v2\/media\/113304"}],"wp:attachment":[{"href":"https:\/\/rozlebregar.com\/sl\/wp-json\/wp\/v2\/media?parent=114287"}],"curies":[{"name":"wp","href":"https:\/\/api.w.org\/{rel}","templated":true}]}}